{"id":6621,"date":"2025-06-02T15:06:59","date_gmt":"2025-06-02T15:06:59","guid":{"rendered":"https:\/\/www.tercanbolgehaber.com\/?page_id=6621"},"modified":"2025-06-02T15:08:00","modified_gmt":"2025-06-02T15:08:00","slug":"taziye-donusu-fecikaza-2-olu-27-yarali","status":"publish","type":"page","link":"https:\/\/www.tercanbolgehaber.com\/index.php\/taziye-donusu-fecikaza-2-olu-27-yarali\/","title":{"rendered":"TAZ\u0130YE D\u00d6N\u00dc\u015e\u00dc FEC\u0130KAZA 2 \u00d6L\u00dc, 27 YARALI"},"content":{"rendered":"\n<p>YOZGAT&#8217;TA TAZ\u0130YE EV\u0130NDEN D\u00d6NENLER\u0130 TA\u015eIYAN M\u0130D\u0130B\u00dcS \u015eARAMPOLE YUVARLANDI. KAZADA \u0130LK BEL\u0130RLEMELERE G\u00d6RE 2 K\u0130\u015e\u0130 \u00d6LD\u00dc, 27 K\u0130\u015e\u0130 YARALANDI.<\/p>\n\n\n\n<p>Yozgat&#8217;\u0131n Akda\u011fmadeni il\u00e7esinde, cenaze t\u00f6reninden d\u00f6nenleri ta\u015f\u0131yan midib\u00fcs\u00fcn devrilmesi sonucu 2 ki\u015fi hayat\u0131n\u0131 kaybetti, 27 ki\u015fi yaraland\u0131.<\/p>\n\n\n\n<p>M\u0130D\u0130B\u00dcS \u015eARAMPOLE DEVR\u0130LD\u0130<\/p>\n\n\n\n<p>Edinilen bilgilere g\u00f6re kaza, Akda\u011fmadeni il\u00e7esi Sazl\u0131dere k\u00f6y\u00fc mevkisinde meydana geldi. Ankara&#8217;dan Sivas&#8217;a taziye i\u00e7in giden yolcular\u0131 ta\u015f\u0131yan Otokar marka midib\u00fcs, d\u00f6n\u00fc\u015f yolunda ya\u011fmur nedeniyle kayganla\u015fan yolda yoldan \u00e7\u0131karak \u015farampole devrildi.<\/p>\n","protected":false},"excerpt":{"rendered":"<p>YOZGAT&#8217;TA TAZ\u0130YE EV\u0130NDEN D\u00d6NENLER\u0130 TA\u015eIYAN M\u0130D\u0130B\u00dcS \u015eARAMPOLE YUVARLANDI. KAZADA \u0130LK BEL\u0130RLEMELERE G\u00d6RE 2 K\u0130\u015e\u0130 \u00d6LD\u00dc, 27 K\u0130\u015e\u0130 YARALANDI. Yozgat&#8217;\u0131n Akda\u011fmadeni il\u00e7esinde, cenaze t\u00f6reninden d\u00f6nenleri ta\u015f\u0131yan midib\u00fcs\u00fcn devrilmesi sonucu 2 ki\u015fi hayat\u0131n\u0131 kaybetti, 27 ki\u015fi yaraland\u0131. M\u0130D\u0130B\u00dcS \u015eARAMPOLE DEVR\u0130LD\u0130 Edinilen bilgilere g\u00f6re kaza, Akda\u011fmadeni il\u00e7esi Sazl\u0131dere k\u00f6y\u00fc mevkisinde meydana geldi. Ankara&#8217;dan Sivas&#8217;a taziye i\u00e7in giden yolcular\u0131 [&hellip;]<\/p>\n","protected":false},"author":2,"featured_media":6622,"parent":0,"menu_order":0,"comment_status":"closed","ping_status":"closed","template":"","meta":{"footnotes":""},"class_list":["post-6621","page","type-page","status-publish","has-post-thumbnail"],"yoast_head":"<!-- This site is optimized with the Yoast SEO plugin v27.2 - https:\/\/yoast.com\/product\/yoast-seo-wordpress\/ -->\n<title>TAZ\u0130YE D\u00d6N\u00dc\u015e\u00dc FEC\u0130KAZA 2 \u00d6L\u00dc, 27 YARALI - TERCAN B&Ouml;LGE HABER<\/title>\n<meta name=\"robots\" content=\"index, follow, max-snippet:-1, max-image-preview:large, max-video-preview:-1\" \/>\n<link rel=\"canonical\" href=\"https:\/\/www.tercanbolgehaber.com\/index.php\/taziye-donusu-fecikaza-2-olu-27-yarali\/\" \/>\n<meta property=\"og:locale\" content=\"tr_TR\" \/>\n<meta property=\"og:type\" content=\"article\" \/>\n<meta property=\"og:title\" content=\"TAZ\u0130YE D\u00d6N\u00dc\u015e\u00dc FEC\u0130KAZA 2 \u00d6L\u00dc, 27 YARALI - TERCAN B&Ouml;LGE HABER\" \/>\n<meta property=\"og:description\" content=\"YOZGAT&#8217;TA TAZ\u0130YE EV\u0130NDEN D\u00d6NENLER\u0130 TA\u015eIYAN M\u0130D\u0130B\u00dcS \u015eARAMPOLE YUVARLANDI. KAZADA \u0130LK BEL\u0130RLEMELERE G\u00d6RE 2 K\u0130\u015e\u0130 \u00d6LD\u00dc, 27 K\u0130\u015e\u0130 YARALANDI. Yozgat&#8217;\u0131n Akda\u011fmadeni il\u00e7esinde, cenaze t\u00f6reninden d\u00f6nenleri ta\u015f\u0131yan midib\u00fcs\u00fcn devrilmesi sonucu 2 ki\u015fi hayat\u0131n\u0131 kaybetti, 27 ki\u015fi yaraland\u0131. M\u0130D\u0130B\u00dcS \u015eARAMPOLE DEVR\u0130LD\u0130 Edinilen bilgilere g\u00f6re kaza, Akda\u011fmadeni il\u00e7esi Sazl\u0131dere k\u00f6y\u00fc mevkisinde meydana geldi. Ankara&#8217;dan Sivas&#8217;a taziye i\u00e7in giden yolcular\u0131 [&hellip;]\" \/>\n<meta property=\"og:url\" content=\"https:\/\/www.tercanbolgehaber.com\/index.php\/taziye-donusu-fecikaza-2-olu-27-yarali\/\" \/>\n<meta property=\"og:site_name\" content=\"TERCAN B&Ouml;LGE HABER\" \/>\n<meta property=\"article:modified_time\" content=\"2025-06-02T15:08:00+00:00\" \/>\n<meta property=\"og:image\" content=\"http:\/\/www.tercanbolgehaber.com\/wp-content\/uploads\/2025\/06\/a-w468555-02.webp\" \/>\n\t<meta property=\"og:image:width\" content=\"1280\" \/>\n\t<meta property=\"og:image:height\" content=\"720\" \/>\n\t<meta property=\"og:image:type\" content=\"image\/webp\" \/>\n<meta name=\"twitter:card\" content=\"summary_large_image\" \/>\n<meta name=\"twitter:label1\" content=\"Tahmini okuma s\u00fcresi\" \/>\n\t<meta name=\"twitter:data1\" content=\"1 dakika\" \/>\n<script type=\"application\/ld+json\" class=\"yoast-schema-graph\">{\"@context\":\"https:\/\/schema.org\",\"@graph\":[{\"@type\":\"WebPage\",\"@id\":\"https:\/\/www.tercanbolgehaber.com\/index.php\/taziye-donusu-fecikaza-2-olu-27-yarali\/\",\"url\":\"https:\/\/www.tercanbolgehaber.com\/index.php\/taziye-donusu-fecikaza-2-olu-27-yarali\/\",\"name\":\"TAZ\u0130YE D\u00d6N\u00dc\u015e\u00dc FEC\u0130KAZA 2 \u00d6L\u00dc, 27 YARALI - TERCAN B&Ouml;LGE HABER\",\"isPartOf\":{\"@id\":\"https:\/\/www.tercanbolgehaber.com\/#website\"},\"primaryImageOfPage\":{\"@id\":\"https:\/\/www.tercanbolgehaber.com\/index.php\/taziye-donusu-fecikaza-2-olu-27-yarali\/#primaryimage\"},\"image\":{\"@id\":\"https:\/\/www.tercanbolgehaber.com\/index.php\/taziye-donusu-fecikaza-2-olu-27-yarali\/#primaryimage\"},\"thumbnailUrl\":\"https:\/\/www.tercanbolgehaber.com\/wp-content\/uploads\/2025\/06\/a-w468555-02.webp\",\"datePublished\":\"2025-06-02T15:06:59+00:00\",\"dateModified\":\"2025-06-02T15:08:00+00:00\",\"breadcrumb\":{\"@id\":\"https:\/\/www.tercanbolgehaber.com\/index.php\/taziye-donusu-fecikaza-2-olu-27-yarali\/#breadcrumb\"},\"inLanguage\":\"tr\",\"potentialAction\":[{\"@type\":\"ReadAction\",\"target\":[\"https:\/\/www.tercanbolgehaber.com\/index.php\/taziye-donusu-fecikaza-2-olu-27-yarali\/\"]}]},{\"@type\":\"ImageObject\",\"inLanguage\":\"tr\",\"@id\":\"https:\/\/www.tercanbolgehaber.com\/index.php\/taziye-donusu-fecikaza-2-olu-27-yarali\/#primaryimage\",\"url\":\"https:\/\/www.tercanbolgehaber.com\/wp-content\/uploads\/2025\/06\/a-w468555-02.webp\",\"contentUrl\":\"https:\/\/www.tercanbolgehaber.com\/wp-content\/uploads\/2025\/06\/a-w468555-02.webp\",\"width\":1280,\"height\":720},{\"@type\":\"BreadcrumbList\",\"@id\":\"https:\/\/www.tercanbolgehaber.com\/index.php\/taziye-donusu-fecikaza-2-olu-27-yarali\/#breadcrumb\",\"itemListElement\":[{\"@type\":\"ListItem\",\"position\":1,\"name\":\"Anasayfa\",\"item\":\"https:\/\/www.tercanbolgehaber.com\/\"},{\"@type\":\"ListItem\",\"position\":2,\"name\":\"TAZ\u0130YE D\u00d6N\u00dc\u015e\u00dc FEC\u0130KAZA 2 \u00d6L\u00dc, 27 YARALI\"}]},{\"@type\":\"WebSite\",\"@id\":\"https:\/\/www.tercanbolgehaber.com\/#website\",\"url\":\"https:\/\/www.tercanbolgehaber.com\/\",\"name\":\"TERCAN B&Ouml;LGE HABER\",\"description\":\"HALK'IN HABER PORTALI\",\"publisher\":{\"@id\":\"https:\/\/www.tercanbolgehaber.com\/#organization\"},\"potentialAction\":[{\"@type\":\"SearchAction\",\"target\":{\"@type\":\"EntryPoint\",\"urlTemplate\":\"https:\/\/www.tercanbolgehaber.com\/?s={search_term_string}\"},\"query-input\":{\"@type\":\"PropertyValueSpecification\",\"valueRequired\":true,\"valueName\":\"search_term_string\"}}],\"inLanguage\":\"tr\"},{\"@type\":\"Organization\",\"@id\":\"https:\/\/www.tercanbolgehaber.com\/#organization\",\"name\":\"Tercan B\u00f6lge Haber\",\"url\":\"https:\/\/www.tercanbolgehaber.com\/\",\"logo\":{\"@type\":\"ImageObject\",\"inLanguage\":\"tr\",\"@id\":\"https:\/\/www.tercanbolgehaber.com\/#\/schema\/logo\/image\/\",\"url\":\"http:\/\/www.tercanbolgehaber.com\/wp-content\/uploads\/2022\/04\/logo_yeni.png\",\"contentUrl\":\"http:\/\/www.tercanbolgehaber.com\/wp-content\/uploads\/2022\/04\/logo_yeni.png\",\"width\":250,\"height\":123,\"caption\":\"Tercan B\u00f6lge Haber\"},\"image\":{\"@id\":\"https:\/\/www.tercanbolgehaber.com\/#\/schema\/logo\/image\/\"}}]}<\/script>\n<!-- \/ Yoast SEO plugin. -->","yoast_head_json":{"title":"TAZ\u0130YE D\u00d6N\u00dc\u015e\u00dc FEC\u0130KAZA 2 \u00d6L\u00dc, 27 YARALI - TERCAN B&Ouml;LGE HABER","robots":{"index":"index","follow":"follow","max-snippet":"max-snippet:-1","max-image-preview":"max-image-preview:large","max-video-preview":"max-video-preview:-1"},"canonical":"https:\/\/www.tercanbolgehaber.com\/index.php\/taziye-donusu-fecikaza-2-olu-27-yarali\/","og_locale":"tr_TR","og_type":"article","og_title":"TAZ\u0130YE D\u00d6N\u00dc\u015e\u00dc FEC\u0130KAZA 2 \u00d6L\u00dc, 27 YARALI - TERCAN B&Ouml;LGE HABER","og_description":"YOZGAT&#8217;TA TAZ\u0130YE EV\u0130NDEN D\u00d6NENLER\u0130 TA\u015eIYAN M\u0130D\u0130B\u00dcS \u015eARAMPOLE YUVARLANDI. KAZADA \u0130LK BEL\u0130RLEMELERE G\u00d6RE 2 K\u0130\u015e\u0130 \u00d6LD\u00dc, 27 K\u0130\u015e\u0130 YARALANDI. Yozgat&#8217;\u0131n Akda\u011fmadeni il\u00e7esinde, cenaze t\u00f6reninden d\u00f6nenleri ta\u015f\u0131yan midib\u00fcs\u00fcn devrilmesi sonucu 2 ki\u015fi hayat\u0131n\u0131 kaybetti, 27 ki\u015fi yaraland\u0131. M\u0130D\u0130B\u00dcS \u015eARAMPOLE DEVR\u0130LD\u0130 Edinilen bilgilere g\u00f6re kaza, Akda\u011fmadeni il\u00e7esi Sazl\u0131dere k\u00f6y\u00fc mevkisinde meydana geldi. Ankara&#8217;dan Sivas&#8217;a taziye i\u00e7in giden yolcular\u0131 [&hellip;]","og_url":"https:\/\/www.tercanbolgehaber.com\/index.php\/taziye-donusu-fecikaza-2-olu-27-yarali\/","og_site_name":"TERCAN B&Ouml;LGE HABER","article_modified_time":"2025-06-02T15:08:00+00:00","og_image":[{"width":1280,"height":720,"url":"http:\/\/www.tercanbolgehaber.com\/wp-content\/uploads\/2025\/06\/a-w468555-02.webp","type":"image\/webp"}],"twitter_card":"summary_large_image","twitter_misc":{"Tahmini okuma s\u00fcresi":"1 dakika"},"schema":{"@context":"https:\/\/schema.org","@graph":[{"@type":"WebPage","@id":"https:\/\/www.tercanbolgehaber.com\/index.php\/taziye-donusu-fecikaza-2-olu-27-yarali\/","url":"https:\/\/www.tercanbolgehaber.com\/index.php\/taziye-donusu-fecikaza-2-olu-27-yarali\/","name":"TAZ\u0130YE D\u00d6N\u00dc\u015e\u00dc FEC\u0130KAZA 2 \u00d6L\u00dc, 27 YARALI - TERCAN B&Ouml;LGE HABER","isPartOf":{"@id":"https:\/\/www.tercanbolgehaber.com\/#website"},"primaryImageOfPage":{"@id":"https:\/\/www.tercanbolgehaber.com\/index.php\/taziye-donusu-fecikaza-2-olu-27-yarali\/#primaryimage"},"image":{"@id":"https:\/\/www.tercanbolgehaber.com\/index.php\/taziye-donusu-fecikaza-2-olu-27-yarali\/#primaryimage"},"thumbnailUrl":"https:\/\/www.tercanbolgehaber.com\/wp-content\/uploads\/2025\/06\/a-w468555-02.webp","datePublished":"2025-06-02T15:06:59+00:00","dateModified":"2025-06-02T15:08:00+00:00","breadcrumb":{"@id":"https:\/\/www.tercanbolgehaber.com\/index.php\/taziye-donusu-fecikaza-2-olu-27-yarali\/#breadcrumb"},"inLanguage":"tr","potentialAction":[{"@type":"ReadAction","target":["https:\/\/www.tercanbolgehaber.com\/index.php\/taziye-donusu-fecikaza-2-olu-27-yarali\/"]}]},{"@type":"ImageObject","inLanguage":"tr","@id":"https:\/\/www.tercanbolgehaber.com\/index.php\/taziye-donusu-fecikaza-2-olu-27-yarali\/#primaryimage","url":"https:\/\/www.tercanbolgehaber.com\/wp-content\/uploads\/2025\/06\/a-w468555-02.webp","contentUrl":"https:\/\/www.tercanbolgehaber.com\/wp-content\/uploads\/2025\/06\/a-w468555-02.webp","width":1280,"height":720},{"@type":"BreadcrumbList","@id":"https:\/\/www.tercanbolgehaber.com\/index.php\/taziye-donusu-fecikaza-2-olu-27-yarali\/#breadcrumb","itemListElement":[{"@type":"ListItem","position":1,"name":"Anasayfa","item":"https:\/\/www.tercanbolgehaber.com\/"},{"@type":"ListItem","position":2,"name":"TAZ\u0130YE D\u00d6N\u00dc\u015e\u00dc FEC\u0130KAZA 2 \u00d6L\u00dc, 27 YARALI"}]},{"@type":"WebSite","@id":"https:\/\/www.tercanbolgehaber.com\/#website","url":"https:\/\/www.tercanbolgehaber.com\/","name":"TERCAN B&Ouml;LGE HABER","description":"HALK'IN HABER PORTALI","publisher":{"@id":"https:\/\/www.tercanbolgehaber.com\/#organization"},"potentialAction":[{"@type":"SearchAction","target":{"@type":"EntryPoint","urlTemplate":"https:\/\/www.tercanbolgehaber.com\/?s={search_term_string}"},"query-input":{"@type":"PropertyValueSpecification","valueRequired":true,"valueName":"search_term_string"}}],"inLanguage":"tr"},{"@type":"Organization","@id":"https:\/\/www.tercanbolgehaber.com\/#organization","name":"Tercan B\u00f6lge Haber","url":"https:\/\/www.tercanbolgehaber.com\/","logo":{"@type":"ImageObject","inLanguage":"tr","@id":"https:\/\/www.tercanbolgehaber.com\/#\/schema\/logo\/image\/","url":"http:\/\/www.tercanbolgehaber.com\/wp-content\/uploads\/2022\/04\/logo_yeni.png","contentUrl":"http:\/\/www.tercanbolgehaber.com\/wp-content\/uploads\/2022\/04\/logo_yeni.png","width":250,"height":123,"caption":"Tercan B\u00f6lge Haber"},"image":{"@id":"https:\/\/www.tercanbolgehaber.com\/#\/schema\/logo\/image\/"}}]}},"_links":{"self":[{"href":"https:\/\/www.tercanbolgehaber.com\/index.php\/wp-json\/wp\/v2\/pages\/6621","targetHints":{"allow":["GET"]}}],"collection":[{"href":"https:\/\/www.tercanbolgehaber.com\/index.php\/wp-json\/wp\/v2\/pages"}],"about":[{"href":"https:\/\/www.tercanbolgehaber.com\/index.php\/wp-json\/wp\/v2\/types\/page"}],"author":[{"embeddable":true,"href":"https:\/\/www.tercanbolgehaber.com\/index.php\/wp-json\/wp\/v2\/users\/2"}],"replies":[{"embeddable":true,"href":"https:\/\/www.tercanbolgehaber.com\/index.php\/wp-json\/wp\/v2\/comments?post=6621"}],"version-history":[{"count":1,"href":"https:\/\/www.tercanbolgehaber.com\/index.php\/wp-json\/wp\/v2\/pages\/6621\/revisions"}],"predecessor-version":[{"id":6625,"href":"https:\/\/www.tercanbolgehaber.com\/index.php\/wp-json\/wp\/v2\/pages\/6621\/revisions\/6625"}],"wp:featuredmedia":[{"embeddable":true,"href":"https:\/\/www.tercanbolgehaber.com\/index.php\/wp-json\/wp\/v2\/media\/6622"}],"wp:attachment":[{"href":"https:\/\/www.tercanbolgehaber.com\/index.php\/wp-json\/wp\/v2\/media?parent=6621"}],"curies":[{"name":"wp","href":"https:\/\/api.w.org\/{rel}","templated":true}]}}